{"id":4138,"date":"2019-05-07T08:16:30","date_gmt":"2019-05-07T08:16:30","guid":{"rendered":"http:\/\/www.grangaladipappagalli.org\/?page_id=4138"},"modified":"2019-05-07T08:45:06","modified_gmt":"2019-05-07T08:45:06","slug":"statuto-associazione","status":"publish","type":"page","link":"https:\/\/www.grangaladipappagalli.org\/?page_id=4138","title":{"rendered":"Statuto Associazione"},"content":{"rendered":"\n<h2 class=\"wp-block-heading\" style=\"text-align:center\"><strong>ASSOCIAZIONE\u00a0 ORNITOLOGICA<\/strong><\/h2>\n\n\n\n<h1 class=\"wp-block-heading\" style=\"text-align:center\"><strong>\u201cGRAN GALA DEI PAPPAGALLI\u201d<\/strong><\/h1>\n\n\n\n<p class=\"wp-block-paragraph\" style=\"text-align:center\"><strong>(associazione di promozione sociale)<\/strong><\/p>\n\n\n\n<h4 class=\"wp-block-heading\"><strong>Articolo 1 &#8211; Denominazione<\/strong><\/h4>\n\n\n\n<p class=\"wp-block-paragraph\">E\u2019 costituita, fra\nallevatori ed amatori di psittacidi, nel rispetto del Codice Civile, della\nLegge 383\/2000 e della normativa in materia, l\u2019Associazione di promozione\nsociale denominata:<\/p>\n\n\n\n<p class=\"wp-block-paragraph\">\u201cGran Gala dei Pappagalli\u201d<\/p>\n\n\n\n<p class=\"wp-block-paragraph\">L\u2019Associazione, se inscritta\nall\u2019Anagrafe delle ONLUS, utilizzer\u00e0 nella denominazione ed in qualsivoglia\nsegno distintivo o comunicazione rivolta al pubblico, la locuzione\n\u201corganizzazione non lucrativa d\u2019utilit\u00e0 sociale\u201d o l\u2019acronimo \u201cONLUS\u201d.<\/p>\n\n\n\n<h4 class=\"wp-block-heading\"><strong>Articolo 2 &#8211; Sede<\/strong><\/h4>\n\n\n\n<p class=\"wp-block-paragraph\">L\u2019AssociazioneOrnitologica<strong> Gran Gala dei Pappagalli <\/strong>ha sede legale in Via Campagna\nn. 44 in Comune di Vazzola (TV).<\/p>\n\n\n\n<p class=\"wp-block-paragraph\">Eventuali variazioni della\nstessa sono di competenza dell\u2019Assemblea in seduta ordinaria, non comportano\nmodifiche statutarie ma solo l\u2019obbligo di comunicazione agli uffici competenti.<\/p>\n\n\n\n<h4 class=\"wp-block-heading\"><strong>Articolo 3 \u2013 Statuto e Regolamento<\/strong><\/h4>\n\n\n\n<p class=\"wp-block-paragraph\">L\u2019Associazione \u00e8\ndisciplinata dal presente Statuto e dal Regolamento redatto dal Comitato\nDirettivo.<\/p>\n\n\n\n<p class=\"wp-block-paragraph\">Lo Statuto e l\u2019eventuale\nRegolamento vincolano gli associati alla loro osservanza e costituiscono la\nregola fondamentale di comportamento nell\u2019attivit\u00e0 dell\u2019organizzazione stessa.<\/p>\n\n\n\n<h4 class=\"wp-block-heading\"><strong>Articolo 4 \u2013 Finalit\u00e0<\/strong><\/h4>\n\n\n\n<p class=\"wp-block-paragraph\">L\u2019Associazione&nbsp;\u00e8\nindipendente, apolitica e apartitica e non ha alcuno scopo di lucro, non\npersegue fini speculativi, non pu\u00f2 distribuire, anche in modo indiretto, utili,\navanzi di gestione, fondi, riserve o capitali, salvo che la destinazione o la\ndistribuzione non siano imposte dalla legge. <\/p>\n\n\n\n<p class=\"wp-block-paragraph\">L\u2019Associazione\nsi propone altres\u00ec, in conformit\u00e0 a quanto previsto dall\u2019art. 10 del decreto\nlegislativo del 4.12.1977 n. 460, in particolare: <\/p>\n\n\n\n<ul class=\"wp-block-list\"><li>la\ntutela e valorizzazione della natura e dell\u2019ambiente, (con esclusione\ndell\u2019attivit\u00e0 esercitata abitualmente, di raccolta e riciclaggio dei rifiuti\nurbani, speciali e pericolosi di cui all\u2019articolo 7 del Decreto Legislativo 5\nfebbraio 1997, n. 22).<\/li><li>la promozione della cultura e\ndell\u2019arte popolare<\/li><\/ul>\n\n\n\n<p class=\"wp-block-paragraph\">L\u2019Associazione\nprevede inoltre, di svolgere le seguenti attivit\u00e0 anche attraverso la\ndistribuzione ai propri associati di anelli identificativi individuali,\ninamovibili e obbligatori &nbsp;per i propri\npsittacidi, essenziali per la tutela della specie e per poter partecipare a\nesposizioni e manifestazioni ornitologiche. Sar\u00e0 compito del segretario o di un\nconsigliere incaricato dal Presidente, provvedere, tra l&#8217;altro, alla tenuta di\napposito registro di distribuzioni anelli. <\/p>\n\n\n\n<ul class=\"wp-block-list\"><li>Attiver\u00e0\nun servizio online non solo per gli allevatori ma anche per tutti coloro che\ndesiderano risalire alle origini degli psittacidi tramite il codice R.A.P.\n(Registro Allevatori Psittacidi) riportato nell&#8217;anellino che indica la sigla\npersonale dei soggetti, anche al fine dell\u2019ottenimento di informazioni su\nalimentazione, ambientamento, data di nascita, provenienza dei genitori, ecc.<\/li><li>Diffonder\u00e0\nle finalit\u00e0, le attivit\u00e0 e i principi dell\u2019Associazione tramite la\nrealizzazione e divulgazione di pubblicazioni informative o di approfondimento,\nanche con mezzi audiovisivi e \u201csistemi informatici web\u201d.<\/li><\/ul>\n\n\n\n<p class=\"wp-block-paragraph\">Nei limiti\nfissati dalla Legge, L\u2019Associazione pu\u00f2 avvalersi, per la realizzazione dei\ncompiti statutari, di collaboratori e\/o consulenti.<\/p>\n\n\n\n<p class=\"wp-block-paragraph\">Inoltre:<\/p>\n\n\n\n<ul class=\"wp-block-list\"><li>svolger\u00e0\nattivit\u00e0 di <em>pet terapy<\/em> negli ospedali e nei centri di ricovero per\nanziani.<\/li><li>parteciper\u00e0\na iniziative che possano divulgare la conoscenza degli psittacidi nelle scuole\ned in ambienti sociali.<\/li><\/ul>\n\n\n\n<p class=\"wp-block-paragraph\">L\u2019Associazione prevede il divieto di svolgere\nattivit\u00e0 diverse da quelle menzionate all&#8217;art. 10 lettera a) del decreto\nlegislativo 4 dicembre 1997 n. 460.<\/p>\n\n\n\n<p class=\"wp-block-paragraph\">L\u2019AssociazioneOrnitologica\u201cGran Gala dei pappagalli\u201d attuer\u00e0 le proprie iniziative finalizzandole\nanche per:<\/p>\n\n\n\n<ul class=\"wp-block-list\"><li>la conservazione, la tutela, lo sviluppo ed il miglioramento\ndel patrimonio ornitologico, nel vasto quadro della protezione della fauna e\ndella natura. <\/li><li>preservare gli psittacidi che possono essere allevati in\ncattivit\u00e0, secondo i dettami della legge, e contribuire a portare il proprio\napporto alla scienza ornitologica.<\/li><li>sensibilizzare e incentivare la conservazione delle specie e\nsottospecie di psittacidi, con particolare riferimento a quelle in pericolo di\nestinzione, anche attraverso l\u2019organizzazione di iniziative a carattere\nculturale e divulgativo.<\/li><li>garantire il patrimonio genetico di salvaguardia delle specie\nin estinzione e contribuire alla definizione di norme, leggi e disposizioni che\nattengono agli uccelli di compagnia.<\/li><li>portare a conoscenza le tecniche di allevamento nel rispetto\ndei diritti degli animali finalizzandole ad un allevamento amatoriale in\nambiente domestico privo di qualsiasi maltrattamento.<\/li><\/ul>\n\n\n\n<p class=\"wp-block-paragraph\">Per meglio raggiungere gli scopi statutari\nL\u2019Associazione curer\u00e0 e organizzer\u00e0 ogni anno, in uno o pi\u00f9 periodi da\nstabilirsi, esposizioni ornitologiche e mostre-scambio, sia a livello locale,\nprovinciale, regionale, nazionale o internazionale, anche collaborando con\nIstituti e Organizzazioni che nei loro statuti abbiamo scopi analoghi. <\/p>\n\n\n\n<h4 class=\"wp-block-heading\"><strong>ART. 5 &#8211;\nSoci<\/strong><\/h4>\n\n\n\n<ol class=\"wp-block-list\"><li>Sono\nammesse all\u2019Associazione tutte le persone fisiche che dimostrano di\ncondividerne gli scopi e accettano il presente statuto e l\u2019eventuale\nregolamento interno.<\/li><li>L\u2019organo\ncompetente a deliberare sulle domande d\u2019ammissione \u00e8il Consiglio\nDirettivo, in votazione segreta, con voto all\u2019unanimit\u00e0.<\/li><li>Il\nrichiedente, che nella sua richiesta dovr\u00e0 essere \u201cpresentato da un socio\u201d, pu\u00f2\ninoltrare richiesta di ammissione mediante un \u201cmodello di iscrizione\u201d,\nspecificando le proprie complete generalit\u00e0, impegnandosi a versare la quota\nassociativa e&nbsp; descrivendo le motivazioni\ndella richiesta a dimostrare della condivisione delle finalit\u00e0 statutarie.<\/li><\/ol>\n\n\n\n<p class=\"wp-block-paragraph\">Il diniego deve\nessere motivato ed \u00e8 appellabile all\u2019Assemblea entro 15 gg dalla comunicazione\ndel C.d. Il diniego dell\u2019Assemblea \u00e8 insindacabile.<\/p>\n\n\n\n<ul class=\"wp-block-list\"><li>I\nsoci sono suddivisi in tre categorie:<\/li><\/ul>\n\n\n\n<p class=\"wp-block-paragraph\">&#8211; soci\nfondatori<\/p>\n\n\n\n<p class=\"wp-block-paragraph\">&#8211; soci\neffettivi allevatori o amatori<\/p>\n\n\n\n<p class=\"wp-block-paragraph\">&#8211; soci onorari<\/p>\n\n\n\n<p class=\"wp-block-paragraph\">fondatori: sono coloro che hanno partecipato\nalla fondazione dell\u2019Associazione e che sono citati nell\u2019atto costitutivo\ndell\u2019Associazione stessa.<\/p>\n\n\n\n<p class=\"wp-block-paragraph\">Effettivi\nallevatori e amatori:\ncoloro che, presentata regolare domanda verranno accettati come tali,\nverseranno la quota di iscrizione e pagheranno le quote annuali anticipate che\ndi anno in anno verranno stabilite dal Consiglio diretti.<\/p>\n\n\n\n<p class=\"wp-block-paragraph\">I soci\neffettivi devono essere iscritti obbligatoriamente al Registro Nazionale\nAllevatori Psittacidi R.A.P., con numero progressivo federale d matricola.<\/p>\n\n\n\n<p class=\"wp-block-paragraph\">onorari: sono coloro che sono nominati tali\ndal Consiglio Direttivo per meriti acquisiti a favore dell\u2019Associazione, o che\nnella loro vita privata o professionale si sono distinte per attivit\u00e0 attinenti\nalle finalit\u00e0 statutarie dell\u2019Associazione. I soci onorari non sono tenuti al\nversamento della quota associativa.<\/p>\n\n\n\n<p class=\"wp-block-paragraph\">5&nbsp;&nbsp;&nbsp;&nbsp;&nbsp;&nbsp;&nbsp; I soci parteciperanno alle assemblee con\ndiritto di parola e di voto deliberativo.<\/p>\n\n\n\n<ul class=\"wp-block-list\"><li>La\nquota associativa \u00e8 intrasmissibile.<\/li><li>Tutti\ni soci devono essere muniti di tessera associativa<\/li><li>Per\ni soci che non abbiano raggiunto il diciottesimo anno di et\u00e0 il diritto di voto\nverr\u00e0 esercitato dalla patria podest\u00e0.<\/li><li>All\u2019Associazione\npossono aderire altre Associazioni senza fini di lucro o aventi la medesima\nfinalit\u00e0. L\u2019adesione ha valore annuale e da diritto a n 1 (un) voto all\u2019interno\ndell\u2019Assemblea Generale.<\/li><li>La\npartecipazione volontaria dei soci all\u2019attivit\u00e0 associativa ha rilevanza\nfondamentale.<\/li><\/ul>\n\n\n\n<h4 class=\"wp-block-heading\">ART. 6 &#8211; Diritti e doveri dei soci<\/h4>\n\n\n\n<ol class=\"wp-block-list\"><li>I\nsoci hanno diritto di eleggere gli organi sociali e di essere eletti negli\nstessi.<\/li><li>Possono\nessere eletti a cariche sociali tutti i soci che, alla data fissata per\nl\u2019assemblea risultino iscritti nel libro dei soci e siano in regola con il\npagamento della quota annuale. <\/li><li>I\nsoci hanno diritto di essere informati sulle attivit\u00e0 dell\u2019Associazione e\npossono richiedere un rimborso spese per i costi sostenuti per lo svolgimento\ndi attivit\u00e0 prestata all\u2019Associazione su richiesta del&nbsp; Consiglio Direttivo.<\/li><li>I\nsoci devono versare nei termini stabiliti la quota sociale e rispettare il\npresente statuto,&nbsp; il regolamento interno\ne le deliberazioni adottate dagli organi sociali.<\/li><li>Gli\naderenti svolgeranno la propria attivit\u00e0 nell\u2019Associazione prevalentemente in\nmodo personale, libero, volontario e gratuito, senza fini di lucro, anche\nindiretto, in ragione delle disponibilit\u00e0 personali ed in funzione della\nprogrammazione concordata.<\/li><li>Per\ni soci, ai sensi e per gli effetti della lettera \u201cc\u201d dell\u2019art 5 del D.Leg.\n04\/12\/1997 n. 40, vige una disciplina uniforme del rapporto associativo e delle\nmodalit\u00e0 associative volte a garantire l\u2019effettivit\u00e0 del rapporto medesimo,\nescludendo espressamente la temporaneit\u00e0 della partecipazione alla vita\nassociativa e prevedendo, per gli associati o partecipanti il diritto di voto\nper l\u2019approvazione e le modificazioni dello statuto, dei regolamenti, e per la\nnomina delle cariche associative.<\/li><li>I\nsoci sono tenuti ad un comportamento etico, sia verso gli associati che\nall\u2019esterno dell\u2019Associazione, animato da spirito di solidariet\u00e0, correttezza e\nrigore morale.<\/li><\/ol>\n\n\n\n<h4 class=\"wp-block-heading\"><strong>ART. 7 &#8211;\nRecesso ed esclusione del socio<\/strong><\/h4>\n\n\n\n<ol class=\"wp-block-list\"><li>Il\nsocio pu\u00f2 recedere dall\u2019Associazione mediante comunicazione scritta indirizzata\nal Presidente, senza diritto di rimborso delle quote associative versate o\ncontributi, di utili o avanzi di gestione, n\u00e9 ha alcun diritto sul patrimonio dell\u2019Associazione.<\/li><li>Il\nsocio che contravviene ai doveri stabiliti dallo statuto ed atti successivi, o\nattua comportamenti contrari alle finalit\u00e0 degli stessi, o danneggia moralmente\no in qualsiasi modo l\u2019Associazione,&nbsp; pu\u00f2\nessere escluso dall\u2019Associazione stessa. <\/li><li>Il\nsocio pu\u00f2 essere escluso dall\u2019Associazione anche per morosit\u00e0, nel caso di\nmancato versamento entro 15 giorni dalla data stabilita per i versamenti\nassociativi annuali.<\/li><li>L\u2019esclusione\n\u00e8 deliberata a maggioranza dall\u2019Organo Direttivo con voto segreto, dopo aver\nconvocato l\u2019associato tramite lettera r.r. o email certificata, per la Sua\naudizione, e deve essere motivata. E\u2019 ammessa la possibilit\u00e0 d\u2019appello\nall\u2019Assemblea, entro 15 gg dalla comunicazione del C.D. <\/li><\/ol>\n\n\n\n<p class=\"wp-block-paragraph\">Il recesso o\nl\u2019esclusione sono insindacabili.<\/p>\n\n\n\n<h4 class=\"wp-block-heading\">ART. 8 &#8211; Organi sociali<\/h4>\n\n\n\n<ol class=\"wp-block-list\"><li>Gli\norgani dell\u2019associazione sono:<\/li><\/ol>\n\n\n\n<p class=\"wp-block-paragraph\">&#8211; Assemblea dei\nsoci,<\/p>\n\n\n\n<p class=\"wp-block-paragraph\">&#8211; Consiglio\ndirettivo,<\/p>\n\n\n\n<p class=\"wp-block-paragraph\">&#8211; Presidente,<\/p>\n\n\n\n<p class=\"wp-block-paragraph\">ed\neventualmente, il Collegio dei Revisori dei Conti.<\/p>\n\n\n\n<p class=\"wp-block-paragraph\">Tutte le\ncariche sociali sono assunte a titolo gratuito.<\/p>\n\n\n\n<h4 class=\"wp-block-heading\"><strong>ART. 9 &#8211; Assemblea<\/strong><\/h4>\n\n\n\n<p class=\"wp-block-paragraph\"><strong>L\u2019Assemblea \u00e8 l\u2019organo sovrano dell\u2019Associazione ed \u00e8 composta da tutti i soci.<\/strong><\/p>\n\n\n\n<p class=\"wp-block-paragraph\">Possono\nprendere parte alle votazioni tutti i soci fondatori, effettivi e onorari che,\nalla data fissata per l\u2019assemblea risultino iscritti nel libro dei soci e in\nregola con il pagamento della quota annuale. <\/p>\n\n\n\n<ul class=\"wp-block-list\"><li>E\u2019\nconvocata almeno una volta all\u2019anno dal Presidente o da chi ne fa le veci,\nmediante avviso con lettera r.r. o email certificata, da inviare almeno 10\ngiorni prima di quello fissato per l\u2019adunanza e contenente l\u2019ordine del giorno\ndei lavori.<\/li><li>L\u2019Assemblea\n\u00e8 inoltre convocata a richiesta di almeno un terzo dei soci, o quando il\nConsiglio direttivo lo ritiene necessario.<\/li><li>L\u2019Assemblea\npu\u00f2 essere ordinaria o straordinaria. E\u2019 straordinaria quella convocata per la\nmodifica dello statuto e lo scioglimento dell\u2019associazione. E\u2019 ordinaria in\ntutti gli altri casi.<\/li><\/ul>\n\n\n\n<h4 class=\"wp-block-heading\"><strong>ART. 10\n&#8211; Compiti dell\u2019Assemblea<\/strong><\/h4>\n\n\n\n<ol class=\"wp-block-list\"><li>L\u2019Assemblea\ndeve:<\/li><\/ol>\n\n\n\n<p class=\"wp-block-paragraph\">&#8211; approvare\nil documento programmatico;<\/p>\n\n\n\n<p class=\"wp-block-paragraph\">&#8211; approvare il\nrendiconto del conto consuntivo e preventivo;<\/p>\n\n\n\n<p class=\"wp-block-paragraph\">&#8211; fissare\nl\u2019importo della quota sociale annuale;<\/p>\n\n\n\n<p class=\"wp-block-paragraph\">&#8211; determinare\nle linee generali d\u2019indirizzo dell\u2019attivit\u00e0 dell\u2019associazione;<\/p>\n\n\n\n<p class=\"wp-block-paragraph\">&#8211; approvare il\nregolamento interno;<\/p>\n\n\n\n<p class=\"wp-block-paragraph\">&#8211;\ndeliberare in via definitiva sulla non ammissibilit\u00e0 e sull\u2019esclusione dei soci\n(nei casi&nbsp;&nbsp; di ricorso);<\/p>\n\n\n\n<p class=\"wp-block-paragraph\">&#8211; eleggere il Presidente, il Consiglio Direttivo, ed\neventualmente il Collegio dei Revisori dei Conti e il Collegio dei Probiviri; a\nparit\u00e0 di voti si considera eletto il socio con maggior anzianit\u00e0 di iscrizione\nall\u2019Associazione, e in caso di parit\u00e0, il socio pi\u00f9 anziano d\u2019et\u00e0.<\/p>\n\n\n\n<p class=\"wp-block-paragraph\">&#8211;\ndeliberare su quant\u2019altro demandatole per legge o per statuto, o sottoposto al\nsuo esame dal Consiglio direttivo.<\/p>\n\n\n\n<p class=\"wp-block-paragraph\">&#8211;\nin caso di assoluta necessit\u00e0 l\u2019Assemblea Generale pu\u00f2 nominare un Commissario\ncon il compito di amministrare l\u2019Associazione e di preparare le elezioni per la\ncostituzione di un nuovo Consiglio Direttivo. La durata massima del\ncommissariamento \u00e8 di sei mesi.<\/p>\n\n\n\n<h4 class=\"wp-block-heading\"><strong>ART. 11\n&#8211; Validit\u00e0 Assemblee<\/strong><\/h4>\n\n\n\n<ol class=\"wp-block-list\"><li>L\u2019Assemblea\nordinaria \u00e8 regolarmente costituita in prima convocazione se \u00e8 presente la\nmaggioranza degli iscritti aventi diritto di voto; in seconda convocazione, da\ntenersi anche nello stesso giorno, qualunque sia il numero dei presenti.<\/li><li>Non\nsono ammesse deleghe.&nbsp;&nbsp;&nbsp;&nbsp;&nbsp;&nbsp;&nbsp;&nbsp;&nbsp; <\/li><li>Le\ndeliberazioni dell\u2019Assemblea ordinaria sono prese a maggioranza dei presenti,\nespresse con voto palese tranne quelle riguardanti le persone e la qualit\u00e0\ndelle stesse (o quando l\u2019Assemblea lo ritenga opportuno).<\/li><li>L\u2019assemblea\nstraordinaria approva eventuali modifiche allo statuto con la presenza di 2\/3\ndei soci e con decisione deliberata a maggioranza dei presenti; scioglie\nl\u2019associazione e ne devolve il patrimonio col voto favorevole di 3\/4 dei soci.<\/li><li>Nell\u2019Assemblea\nstraordinaria, la seconda convocazione non pu\u00f2 derogare alle maggioranze\npreviste per la prima.<\/li><\/ol>\n\n\n\n<h4 class=\"wp-block-heading\"><strong>ART. 12\n&#8211; Consiglio direttivo<\/strong><\/h4>\n\n\n\n<ol class=\"wp-block-list\"><li>Il\nConsiglio direttivo \u00e8 composto da sette o quindici\nmembri eletti dall\u2019assemblea tra i propri componenti.<\/li><li>Il\nconsiglio direttivo \u00e8 validamente costituito&nbsp;\nquando \u00e8 presente la maggioranza dei componenti. Esso delibera a\nmaggioranza dei presenti. <\/li><li>Il\nConsiglio direttivo compie tutti gli atti d\u2019ordinaria e straordinaria\namministrazione non espressamente demandati all\u2019Assemblea; redige e presenta\nall\u2019Assemblea il rapporto annuale sull\u2019attivit\u00e0 dell\u2019associazione, il\nrendiconto consuntivo e preventivo e il documento programmatico annuale.<\/li><li>Il\nconsiglio direttivo dura in carica per n. tre anni\ne i suoi componenti possono essere rieletti.<\/li><li>Il\nConsiglio Direttivo \u00e8 convocato dal Presidente o da almeno 1\/3 dei Consiglieri,<\/li><\/ol>\n\n\n\n<p class=\"wp-block-paragraph\">nella\nmodalit\u00e0 dallo stesso deliberata.<\/p>\n\n\n\n<p class=\"wp-block-paragraph\">Il C.D. pu\u00f2\naffidare ai suoi componenti incarichi speciali.<\/p>\n\n\n\n<p class=\"wp-block-paragraph\">Il componente\ndel Consiglio Direttivo che non interviene, senza giustificato motivo, a tre\nriunioni consecutive, \u00e8 considerato decaduto dalla carica e viene sostituito\ndal primo dei non eletti.<\/p>\n\n\n\n<p class=\"wp-block-paragraph\">Quando il\nConsiglio Direttivo \u00e8 dimissionario rimane in carica con il compito di indire\nnuove elezioni entro tre mesi, e per gli adempimenti di ordinaria\namministrazione.<\/p>\n\n\n\n<h4 class=\"wp-block-heading\"><strong>ART. 13\n&#8211; Verbalizzazione<\/strong><\/h4>\n\n\n\n<p class=\"wp-block-paragraph\">1.&nbsp;&nbsp;&nbsp;&nbsp;&nbsp;&nbsp; Le discussioni e le deliberazioni\ndell\u2019Assemblea e del Consiglio direttivo sono riassunte in un verbale redatto\ndal segretario, o da un componente appositamente nominato. Il verbale deve\nessere sottoscritto dal Presidente.<\/p>\n\n\n\n<p class=\"wp-block-paragraph\">2.&nbsp;&nbsp;&nbsp;&nbsp;&nbsp;&nbsp; Ogni socio ha diritto di consultare il\nverbale e di trarne copia.<\/p>\n\n\n\n<h4 class=\"wp-block-heading\"><strong>ART. 14\n&#8211; Presidente <\/strong><\/h4>\n\n\n\n<ol class=\"wp-block-list\"><li>Il\nPresidente ha la legale rappresentanza dell\u2019Associazione, presiede il Consiglio\ndirettivo e l\u2019Assemblea; convoca l\u2019Assemblea dei soci e il Consiglio direttivo\nsia in caso di convocazioni ordinarie che straordinarie; ad esso compete\nl\u2019ordinaria amministrazione dell\u2019Associazione.<\/li><li>Il\nPresidente pu\u00f2 nominare un Vicepresidente, che lo sostituisce nei casi\nd\u2019impedimento nell\u2019esercizio delle proprie funzioni.<\/li><li>Il\nPresidente, qualora ne ravvisi la necessit\u00e0, pu\u00f2 nominare un Segretario e un\nTesoriere, scelti fra i soci.<\/li><\/ol>\n\n\n\n<h4 class=\"wp-block-heading\"><strong>ART. 15\n\u2013 Collegio dei Revisori (eventuale)<\/strong><\/h4>\n\n\n\n<ol class=\"wp-block-list\"><li>Nel\ncaso di costituzione, Il Collegio dei Revisori si compone di tre membri, di cui\nuno Presidente, eletti dall\u2019Assemblea fra i soci che presentino una adeguata\nprofessionalit\u00e0.<\/li><li>I\nmembri del Collegio durano in carica tre anni e possono essere riconfermati. Ad\nessi non spettano emolumenti.<\/li><li>Il\nCollegio esercita, nelle forme e nei limiti d\u2019uso, il controllo sulla gestione\ncontabile, sui bilanci consuntivi e preventivi. I Revisori dei conti non possono\navere altre cariche all\u2019interno dell\u2019Associazione.<\/li><\/ol>\n\n\n\n<h4 class=\"wp-block-heading\"><strong>ART. 16 \u2013 Collegio dei Probiviri\n(eventuale)<\/strong><\/h4>\n\n\n\n<p class=\"wp-block-paragraph\">1.&nbsp;&nbsp;&nbsp;&nbsp;&nbsp;&nbsp; L\u2019eventuale Collegio dei Probiviri, cui \u00e8 demandato di\npronunziarsi sulle controversie sorte fra i soci, fra L\u2019Associazione ed i soci\ne fra gli organi dell\u2019Associazione stessa, \u00e8 composto da tre membri, di cui uno\nPresidente, scelti preferibilmente nel campo forense: i Probiviri non devono\nfar parte di associazioni federate, durano in carica tre anni e possono essere\nrieletti. <\/p>\n\n\n\n<p class=\"wp-block-paragraph\">L\u2019elezione\na Proboviro avviene per acclamazione da parte dell\u2019Assemblea Generale dei soci,\nsu proposta del Consiglio Direttivo. <\/p>\n\n\n\n<h4 class=\"wp-block-heading\"><strong>ART. 17\n&#8211; Sostenitori<\/strong><\/h4>\n\n\n\n<ol class=\"wp-block-list\"><li>Possono\npartecipare al perseguimento delle finalit\u00e0 dell\u2019Associazione in qualit\u00e0 di\nsostenitori persone fisiche e giuridiche che ne condividono gli scopi e ne\naccettano le regole.<\/li><li>I\nsostenitori non sottoscrivono, non versano la quota sociale e non assumono i\ndiritti dei soci. Possono liberamente contribuire alle attivit\u00e0\ndell\u2019Associazione sia con contributi in denaro, sia prestano la propria opera\nvolontaria.<\/li><li>\u00c9\nprevisto un registro dei sostenitori tenuto dal Consiglio direttivo, al quale\ncompete l\u2019ammissione dei richiedenti alla qualifica di sostenitore; Il numero\ndei sostenitori \u00e8 illimitato.<\/li><li>I\nsostenitori possono essere invitati all\u2019Assemblea senza diritto di voto. <\/li><\/ol>\n\n\n\n<h4 class=\"wp-block-heading\"><strong>ART. 18\n&#8211; Risorse economiche<\/strong><\/h4>\n\n\n\n<ol class=\"wp-block-list\"><li>Le\nrisorse economiche dell\u2019organizzazione sono costituite da:<\/li><\/ol>\n\n\n\n<p class=\"wp-block-paragraph\">a. contributi e quote associative;<\/p>\n\n\n\n<p class=\"wp-block-paragraph\">b. donazioni e lasciti;<\/p>\n\n\n\n<p class=\"wp-block-paragraph\">c. ogni altro tipo d\u2019entrate ammesse ai sensi della L.\n383\/2000;<\/p>\n\n\n\n<ul class=\"wp-block-list\"><li>L\u2019Associazione ha l&#8217;obbligo di impiegare gli\nutili o gli avanzi di gestione per l\u2019attuazione delle attivit\u00e0 istituzionali e\ndi quelle ad esse direttamente connesse.<em><\/em><\/li><li>L&#8217;Associazione ha il divieto di distribuire,\nanche in modo indiretto, utili e avanzi di gestione nonch\u00e9 fondi, riserve o\ncapitale durante la vita dell&#8217;organizzazione, a meno che la destinazione o la\ndistribuzione non siano imposte per legge o siano effettuate a favore di altre\norganizzazioni che per legge, statuto o\nregolamento fanno parte della medesima ed unitaria struttura, o nel caso\nl\u2019Associazione non sia iscritta all\u2019Anagrafe delle ONLUS, abbiano le medesime finalit\u00e0.<\/li><\/ul>\n\n\n\n<h4 class=\"wp-block-heading\"><strong>ART. 19\n&#8211; Rendiconto economico-finanziario<\/strong><\/h4>\n\n\n\n<ol class=\"wp-block-list\"><li>Il\nrendiconto economico-finanziario dell\u2019Associazione \u00e8 annuale e decorre dal primo\ngennaio di ogni anno. Il conto consuntivo contiene tutte le entrate e le spese\nsostenute relative all\u2019anno trascorso. Il conto preventivo contiene le\nprevisioni di spesa e di entrata per l\u2019esercizio annuale successivo.<\/li><li>Il\nrendiconto economico-finanziario \u00e8 predisposto dal Consiglio direttivo e\napprovato dall\u2019Assemblea generale ordinaria con le maggioranze previste dal\npresente statuto, depositato presso la sede dell\u2019Associazione almeno 10 gg.\nprima dell\u2019Assemblea e pu\u00f2 essere consultato da ogni associato.<\/li><li>Il\nconto consuntivo deve essere approvato entro il 30 aprile dell\u2019anno successivo\nalla chiusura dell\u2019esercizio sociale.<\/li><\/ol>\n\n\n\n<h4 class=\"wp-block-heading\"><strong>ART. 20\n&#8211; Scioglimento e devoluzione del patrimonio<\/strong><\/h4>\n\n\n\n<ol class=\"wp-block-list\"><li>L\u2019eventuale\nscioglimento dell\u2019Associazione sar\u00e0 deciso soltanto dall\u2019Assemblea con le\nmodalit\u00e0 di cui all\u2019art. 9; In tal caso, il patrimonio, dopo la liquidazione,\nsar\u00e0 devoluto a finalit\u00e0 d\u2019utilit\u00e0 sociale.<\/li><\/ol>\n\n\n\n<p class=\"wp-block-paragraph\">2.&nbsp;&nbsp;&nbsp;&nbsp;&nbsp;&nbsp; L\u2019Associazione, se iscritta all\u2019Anagrafe\ndelle ONLUS, avr\u00e0 l&#8217;obbligo di devolvere il patrimonio ad altre ONLUS od\norganizzazioni a fini di pubblica utilit\u00e0, salvo diversa destinazione imposta\ndalla legge.<\/p>\n\n\n\n<h4 class=\"wp-block-heading\"><strong>ART. 21\n&#8211; Disposizioni finali<\/strong><\/h4>\n\n\n\n<p class=\"wp-block-paragraph\">1.&nbsp;&nbsp;&nbsp;&nbsp;&nbsp;&nbsp; Per tutto ci\u00f2 che non \u00e8\nespressamente previsto dal presente statuto, si applicano le disposizioni\npreviste dal Codice civile e dalle leggi vigenti in materia.<\/p>\n","protected":false},"excerpt":{"rendered":"<p>ASSOCIAZIONE\u00a0 ORNITOLOGICA \u201cGRAN GALA DEI PAPPAGALLI\u201d (associazione di promozione sociale) Articolo 1 &#8211; Denominazione E\u2019 costituita, fra allevatori ed amatori di psittacidi, nel rispetto del Codice Civile, della Legge 383\/2000 e della normativa in materia, l\u2019Associazione di promozione sociale denominata: \u201cGran Gala dei Pappagalli\u201d L\u2019Associazione, se inscritta all\u2019Anagrafe delle ONLUS, utilizzer\u00e0 nella denominazione ed in &hellip; <a href=\"https:\/\/www.grangaladipappagalli.org\/?page_id=4138\" class=\"more-link\">Leggi tutto <span class=\"screen-reader-text\">Statuto Associazione<\/span><\/a><\/p>\n","protected":false},"author":2,"featured_media":0,"parent":0,"menu_order":0,"comment_status":"closed","ping_status":"closed","template":"","meta":{"jetpack_post_was_ever_published":false,"footnotes":""},"tags":[],"class_list":["post-4138","page","type-page","status-publish","hentry","no-featured-image"],"jetpack_sharing_enabled":true,"jetpack_shortlink":"https:\/\/wp.me\/PaXnOP-14K","_links":{"self":[{"href":"https:\/\/www.grangaladipappagalli.org\/index.php?rest_route=\/wp\/v2\/pages\/4138","targetHints":{"allow":["GET"]}}],"collection":[{"href":"https:\/\/www.grangaladipappagalli.org\/index.php?rest_route=\/wp\/v2\/pages"}],"about":[{"href":"https:\/\/www.grangaladipappagalli.org\/index.php?rest_route=\/wp\/v2\/types\/page"}],"author":[{"embeddable":true,"href":"https:\/\/www.grangaladipappagalli.org\/index.php?rest_route=\/wp\/v2\/users\/2"}],"replies":[{"embeddable":true,"href":"https:\/\/www.grangaladipappagalli.org\/index.php?rest_route=%2Fwp%2Fv2%2Fcomments&post=4138"}],"version-history":[{"count":2,"href":"https:\/\/www.grangaladipappagalli.org\/index.php?rest_route=\/wp\/v2\/pages\/4138\/revisions"}],"predecessor-version":[{"id":4172,"href":"https:\/\/www.grangaladipappagalli.org\/index.php?rest_route=\/wp\/v2\/pages\/4138\/revisions\/4172"}],"wp:attachment":[{"href":"https:\/\/www.grangaladipappagalli.org\/index.php?rest_route=%2Fwp%2Fv2%2Fmedia&parent=4138"}],"wp:term":[{"taxonomy":"post_tag","embeddable":true,"href":"https:\/\/www.grangaladipappagalli.org\/index.php?rest_route=%2Fwp%2Fv2%2Ftags&post=4138"}],"curies":[{"name":"wp","href":"https:\/\/api.w.org\/{rel}","templated":true}]}}